{"id":344,"date":"2016-09-17T17:41:17","date_gmt":"2016-09-17T15:41:17","guid":{"rendered":"http:\/\/empathieweb.de\/klavae\/objekteinrichtungen\/?page_id=344"},"modified":"2024-04-18T10:12:38","modified_gmt":"2024-04-18T08:12:38","slug":"unternehmen","status":"publish","type":"page","link":"https:\/\/schreinerei-vaeth.de\/objekteinrichtungen\/unternehmen\/","title":{"rendered":"Unternehmen"},"content":{"rendered":"<div id=\"pl-344\"  class=\"panel-layout\" ><div id=\"pg-344-0\"  class=\"panel-grid panel-has-style\" ><div class=\"panel-row-style panel-row-style-for-344-0\" ><div id=\"pgc-344-0-0\"  class=\"panel-grid-cell\" ><div id=\"panel-344-0-0-0\" class=\"so-panel widget widget_sow-headline panel-first-child panel-last-child\" data-index=\"0\" ><div\n\t\t\t\n\t\t\tclass=\"so-widget-sow-headline so-widget-sow-headline-default-d7a9b205fb0c-344\"\n\t\t\t\n\t\t><div class=\"sow-headline-container \">\n\t\t\t\t\t\t\t<h2 class=\"sow-headline\">\n\t\t\t\t\t\tUnser Unternehmen\t\t\t\t\t\t<\/h2>\n\t\t\t\t\t\t\t\t\t\t\t<div class=\"decoration\">\n\t\t\t\t\t\t<div class=\"decoration-inside\"><\/div>\n\t\t\t\t\t<\/div>\n\t\t\t\t\t<\/div>\n<\/div><\/div><\/div><\/div><\/div><div id=\"pg-344-1\"  class=\"panel-grid panel-no-style\" ><div id=\"pgc-344-1-0\"  class=\"panel-grid-cell\" ><div id=\"panel-344-1-0-0\" class=\"so-panel widget widget_sow-editor panel-first-child panel-last-child\" data-index=\"1\" ><div\n\t\t\t\n\t\t\tclass=\"so-widget-sow-editor so-widget-sow-editor-base\"\n\t\t\t\n\t\t>\n<div class=\"siteorigin-widget-tinymce textwidget\">\n\t<p><img loading=\"lazy\" decoding=\"async\" class=\"alignnone size-full wp-image-1403\" src=\"http:\/\/empathieweb.de\/klavae\/objekteinrichtungen\/wp-content\/uploads\/sites\/5\/2016\/09\/Firmengebaeude_aktuell.png\" alt=\"\" width=\"950\" height=\"679\" srcset=\"https:\/\/schreinerei-vaeth.de\/objekteinrichtungen\/wp-content\/uploads\/sites\/5\/2016\/09\/Firmengebaeude_aktuell.png 950w, https:\/\/schreinerei-vaeth.de\/objekteinrichtungen\/wp-content\/uploads\/sites\/5\/2016\/09\/Firmengebaeude_aktuell-300x214.png 300w, https:\/\/schreinerei-vaeth.de\/objekteinrichtungen\/wp-content\/uploads\/sites\/5\/2016\/09\/Firmengebaeude_aktuell-768x549.png 768w, https:\/\/schreinerei-vaeth.de\/objekteinrichtungen\/wp-content\/uploads\/sites\/5\/2016\/09\/Firmengebaeude_aktuell-600x429.png 600w, https:\/\/schreinerei-vaeth.de\/objekteinrichtungen\/wp-content\/uploads\/sites\/5\/2016\/09\/Firmengebaeude_aktuell-520x372.png 520w, https:\/\/schreinerei-vaeth.de\/objekteinrichtungen\/wp-content\/uploads\/sites\/5\/2016\/09\/Firmengebaeude_aktuell-740x529.png 740w, https:\/\/schreinerei-vaeth.de\/objekteinrichtungen\/wp-content\/uploads\/sites\/5\/2016\/09\/Firmengebaeude_aktuell-532x380.png 532w, https:\/\/schreinerei-vaeth.de\/objekteinrichtungen\/wp-content\/uploads\/sites\/5\/2016\/09\/Firmengebaeude_aktuell-250x179.png 250w\" sizes=\"(max-width: 950px) 100vw, 950px\" \/><\/p>\n<\/div>\n<\/div><\/div><\/div><div id=\"pgc-344-1-1\"  class=\"panel-grid-cell\" ><div id=\"panel-344-1-1-0\" class=\"so-panel widget widget_sow-editor panel-first-child panel-last-child\" data-index=\"2\" ><div\n\t\t\t\n\t\t\tclass=\"so-widget-sow-editor so-widget-sow-editor-base\"\n\t\t\t\n\t\t>\n<div class=\"siteorigin-widget-tinymce textwidget\">\n\t<p>Wir verarbeiten seit \u00fcber 80 Jahren den Naturwertstoff Holz zu hochwertigen Gebrauchs- und Nutzobjekten f\u00fcr unsere zahlreichen gewerblichen und privaten Kunden.<\/p>\n<p>Gegr\u00fcndet wurde die Schreinerei V\u00e4th im Jahre 1937 von Johann V\u00e4th - in seine Fu\u00dfstapfen trat sein Sohn Wolffried V\u00e4th, anschlie\u00dfend dessen Sohn Klaus V\u00e4th, der jetzige Seniorchef. Heute wird das Unternehmen von Peter V\u00e4th bereits in der 4. Generation weitergef\u00fchrt.<\/p>\n<p><strong><em>Nutzen Sie unsere jahrzehntelange Erfahrung<\/em><\/strong><\/p>\n<p><strong><em>Daf\u00fcr garantieren wir mit unserem guten Namen, Ihre Schreinerei V\u00e4th &amp; Team <\/em><\/strong><\/p>\n<p><strong><em>Terminvereinbarung f\u00fcr ein kostenfreies Erstgespr\u00e4ch:<br \/>\nTel 09394\/2200, Mail <a href=\"mailto:info@schreinerei-vaeth.de\">info@schreinerei-vaeth.de<\/a><br \/>\noder per <a href=\"https:\/\/schreinerei-vaeth.de\/objekteinrichtungen\/kontakt\/\">Kontaktformular<\/a><\/em><\/strong><\/p>\n<\/div>\n<\/div><\/div><\/div><\/div><div id=\"pg-344-2\"  class=\"panel-grid panel-no-style\" ><div id=\"pgc-344-2-0\"  class=\"panel-grid-cell\" ><div id=\"panel-344-2-0-0\" class=\"so-panel widget widget_sow-editor panel-first-child panel-last-child\" data-index=\"3\" ><div\n\t\t\t\n\t\t\tclass=\"so-widget-sow-editor so-widget-sow-editor-base\"\n\t\t\t\n\t\t>\n<div class=\"siteorigin-widget-tinymce textwidget\">\n\t<div id='gallery-1' class='gallery galleryid-344 gallery-columns-6 gallery-size-thumbnail'><figure class='gallery-item'>\n\t\t\t<div class='gallery-icon landscape'>\n\t\t\t\t<a href='https:\/\/schreinerei-vaeth.de\/objekteinrichtungen\/wp-content\/uploads\/sites\/5\/2016\/09\/Johann_Vaeth.png'><img loading=\"lazy\" decoding=\"async\" width=\"150\" height=\"150\" src=\"https:\/\/schreinerei-vaeth.de\/objekteinrichtungen\/wp-content\/uploads\/sites\/5\/2016\/09\/Johann_Vaeth-150x150.png\" class=\"attachment-thumbnail size-thumbnail\" alt=\"\" aria-describedby=\"gallery-1-1406\" srcset=\"https:\/\/schreinerei-vaeth.de\/objekteinrichtungen\/wp-content\/uploads\/sites\/5\/2016\/09\/Johann_Vaeth-150x150.png 150w, https:\/\/schreinerei-vaeth.de\/objekteinrichtungen\/wp-content\/uploads\/sites\/5\/2016\/09\/Johann_Vaeth-45x45.png 45w\" sizes=\"(max-width: 150px) 100vw, 150px\" \/><\/a>\n\t\t\t<\/div>\n\t\t\t\t<figcaption class='wp-caption-text gallery-caption' id='gallery-1-1406'>\n\t\t\t\tJohann V\u00e4th\n\t\t\t\t<\/figcaption><\/figure><figure class='gallery-item'>\n\t\t\t<div class='gallery-icon landscape'>\n\t\t\t\t<a href='https:\/\/schreinerei-vaeth.de\/objekteinrichtungen\/wp-content\/uploads\/sites\/5\/2016\/09\/Meisterschule-Johann-hinten-rechts.png'><img loading=\"lazy\" decoding=\"async\" width=\"150\" height=\"150\" src=\"https:\/\/schreinerei-vaeth.de\/objekteinrichtungen\/wp-content\/uploads\/sites\/5\/2016\/09\/Meisterschule-Johann-hinten-rechts-150x150.png\" class=\"attachment-thumbnail size-thumbnail\" alt=\"\" aria-describedby=\"gallery-1-1404\" srcset=\"https:\/\/schreinerei-vaeth.de\/objekteinrichtungen\/wp-content\/uploads\/sites\/5\/2016\/09\/Meisterschule-Johann-hinten-rechts-150x150.png 150w, https:\/\/schreinerei-vaeth.de\/objekteinrichtungen\/wp-content\/uploads\/sites\/5\/2016\/09\/Meisterschule-Johann-hinten-rechts-45x45.png 45w\" sizes=\"(max-width: 150px) 100vw, 150px\" \/><\/a>\n\t\t\t<\/div>\n\t\t\t\t<figcaption class='wp-caption-text gallery-caption' id='gallery-1-1404'>\n\t\t\t\tMeisterschule 1937\n\t\t\t\t<\/figcaption><\/figure><figure class='gallery-item'>\n\t\t\t<div class='gallery-icon landscape'>\n\t\t\t\t<a href='https:\/\/schreinerei-vaeth.de\/objekteinrichtungen\/wp-content\/uploads\/sites\/5\/2016\/09\/Wolffried_Vaeth1.png'><img loading=\"lazy\" decoding=\"async\" width=\"150\" height=\"150\" src=\"https:\/\/schreinerei-vaeth.de\/objekteinrichtungen\/wp-content\/uploads\/sites\/5\/2016\/09\/Wolffried_Vaeth1-150x150.png\" class=\"attachment-thumbnail size-thumbnail\" alt=\"\" aria-describedby=\"gallery-1-1405\" srcset=\"https:\/\/schreinerei-vaeth.de\/objekteinrichtungen\/wp-content\/uploads\/sites\/5\/2016\/09\/Wolffried_Vaeth1-150x150.png 150w, https:\/\/schreinerei-vaeth.de\/objekteinrichtungen\/wp-content\/uploads\/sites\/5\/2016\/09\/Wolffried_Vaeth1-45x45.png 45w\" sizes=\"(max-width: 150px) 100vw, 150px\" \/><\/a>\n\t\t\t<\/div>\n\t\t\t\t<figcaption class='wp-caption-text gallery-caption' id='gallery-1-1405'>\n\t\t\t\tWolffried V\u00e4th\n\t\t\t\t<\/figcaption><\/figure><figure class='gallery-item'>\n\t\t\t<div class='gallery-icon portrait'>\n\t\t\t\t<a href='https:\/\/schreinerei-vaeth.de\/objekteinrichtungen\/wp-content\/uploads\/sites\/5\/2016\/09\/Wolffried_Vaeth2.png'><img loading=\"lazy\" decoding=\"async\" width=\"150\" height=\"150\" src=\"https:\/\/schreinerei-vaeth.de\/objekteinrichtungen\/wp-content\/uploads\/sites\/5\/2016\/09\/Wolffried_Vaeth2-150x150.png\" class=\"attachment-thumbnail size-thumbnail\" alt=\"\" aria-describedby=\"gallery-1-1402\" srcset=\"https:\/\/schreinerei-vaeth.de\/objekteinrichtungen\/wp-content\/uploads\/sites\/5\/2016\/09\/Wolffried_Vaeth2-150x150.png 150w, https:\/\/schreinerei-vaeth.de\/objekteinrichtungen\/wp-content\/uploads\/sites\/5\/2016\/09\/Wolffried_Vaeth2-45x45.png 45w\" sizes=\"(max-width: 150px) 100vw, 150px\" \/><\/a>\n\t\t\t<\/div>\n\t\t\t\t<figcaption class='wp-caption-text gallery-caption' id='gallery-1-1402'>\n\t\t\t\tWolffried V\u00e4th\n\t\t\t\t<\/figcaption><\/figure><figure class='gallery-item'>\n\t\t\t<div class='gallery-icon landscape'>\n\t\t\t\t<a href='https:\/\/schreinerei-vaeth.de\/objekteinrichtungen\/wp-content\/uploads\/sites\/5\/2016\/09\/Firmengebaeude_aktuell.png'><img loading=\"lazy\" decoding=\"async\" width=\"150\" height=\"150\" src=\"https:\/\/schreinerei-vaeth.de\/objekteinrichtungen\/wp-content\/uploads\/sites\/5\/2016\/09\/Firmengebaeude_aktuell-150x150.png\" class=\"attachment-thumbnail size-thumbnail\" alt=\"\" aria-describedby=\"gallery-1-1403\" srcset=\"https:\/\/schreinerei-vaeth.de\/objekteinrichtungen\/wp-content\/uploads\/sites\/5\/2016\/09\/Firmengebaeude_aktuell-150x150.png 150w, https:\/\/schreinerei-vaeth.de\/objekteinrichtungen\/wp-content\/uploads\/sites\/5\/2016\/09\/Firmengebaeude_aktuell-45x45.png 45w\" sizes=\"(max-width: 150px) 100vw, 150px\" \/><\/a>\n\t\t\t<\/div>\n\t\t\t\t<figcaption class='wp-caption-text gallery-caption' id='gallery-1-1403'>\n\t\t\t\tAktuelles Firmengeb\u00e4ude\n\t\t\t\t<\/figcaption><\/figure>\n\t\t<\/div>\n\n<\/div>\n<\/div><\/div><\/div><\/div><\/div>","protected":false},"excerpt":{"rendered":"<p>Wir verarbeiten seit \u00fcber 80 Jahren den Naturwertstoff Holz zu hochwertigen Gebrauchs- und Nutzobjekten f\u00fcr unsere zahlreichen gewerblichen und privaten Kunden. Gegr\u00fcndet wurde die Schreinerei V\u00e4th im Jahre 1937 von Johann V\u00e4th &#8211; in seine<a class=\"read-more\" href=\"https:\/\/schreinerei-vaeth.de\/objekteinrichtungen\/unternehmen\/\"><\/a><\/p>\n","protected":false},"author":1,"featured_media":0,"parent":0,"menu_order":0,"comment_status":"closed","ping_status":"closed","template":"page-templates\/page_fullwidth.php","meta":{"footnotes":""},"yoast_head":"<!-- This site is optimized with the Yoast SEO plugin v22.5 - https:\/\/yoast.com\/wordpress\/plugins\/seo\/ -->\n<title>Gebrauchs- und Nutzobjekte aus Holz - Schreinerei V\u00e4th in Esselbach<\/title>\n<meta name=\"description\" content=\"Wir verarbeiten seit \u00fcber 80 Jahren Holz zu hochwertigen Gebrauchs- und Nutzobjekten f\u00fcr unsere zahlreichen gewerblichen und privaten Kunden.\" \/>\n<meta name=\"robots\" content=\"index, follow, max-snippet:-1, max-image-preview:large, max-video-preview:-1\" \/>\n<link rel=\"canonical\" href=\"https:\/\/schreinerei-vaeth.de\/objekteinrichtungen\/unternehmen\/\" \/>\n<meta property=\"og:locale\" content=\"de_DE\" \/>\n<meta property=\"og:type\" content=\"article\" \/>\n<meta property=\"og:title\" content=\"Gebrauchs- und Nutzobjekte aus Holz - Schreinerei V\u00e4th in Esselbach\" \/>\n<meta property=\"og:description\" content=\"Wir verarbeiten seit \u00fcber 80 Jahren Holz zu hochwertigen Gebrauchs- und Nutzobjekten f\u00fcr unsere zahlreichen gewerblichen und privaten Kunden.\" \/>\n<meta property=\"og:url\" content=\"https:\/\/schreinerei-vaeth.de\/objekteinrichtungen\/unternehmen\/\" \/>\n<meta property=\"og:site_name\" content=\"Schreinerei V\u00e4th - Objekteinrichtungen\" \/>\n<meta property=\"article:modified_time\" content=\"2024-04-18T08:12:38+00:00\" \/>\n<meta property=\"og:image\" content=\"http:\/\/empathieweb.de\/klavae\/objekteinrichtungen\/wp-content\/uploads\/sites\/5\/2016\/09\/Firmengebaeude_aktuell.png\" \/>\n<meta name=\"twitter:card\" content=\"summary_large_image\" \/>\n<meta name=\"twitter:label1\" content=\"Gesch\u00e4tzte Lesezeit\" \/>\n\t<meta name=\"twitter:data1\" content=\"2\u00a0Minuten\" \/>\n<script type=\"application\/ld+json\" class=\"yoast-schema-graph\">{\"@context\":\"https:\/\/schema.org\",\"@graph\":[{\"@type\":\"WebPage\",\"@id\":\"https:\/\/schreinerei-vaeth.de\/objekteinrichtungen\/unternehmen\/\",\"url\":\"https:\/\/schreinerei-vaeth.de\/objekteinrichtungen\/unternehmen\/\",\"name\":\"Gebrauchs- und Nutzobjekte aus Holz - Schreinerei V\u00e4th in Esselbach\",\"isPartOf\":{\"@id\":\"https:\/\/schreinerei-vaeth.de\/objekteinrichtungen\/#website\"},\"primaryImageOfPage\":{\"@id\":\"https:\/\/schreinerei-vaeth.de\/objekteinrichtungen\/unternehmen\/#primaryimage\"},\"image\":{\"@id\":\"https:\/\/schreinerei-vaeth.de\/objekteinrichtungen\/unternehmen\/#primaryimage\"},\"thumbnailUrl\":\"http:\/\/empathieweb.de\/klavae\/objekteinrichtungen\/wp-content\/uploads\/sites\/5\/2016\/09\/Firmengebaeude_aktuell.png\",\"datePublished\":\"2016-09-17T15:41:17+00:00\",\"dateModified\":\"2024-04-18T08:12:38+00:00\",\"description\":\"Wir verarbeiten seit \u00fcber 80 Jahren Holz zu hochwertigen Gebrauchs- und Nutzobjekten f\u00fcr unsere zahlreichen gewerblichen und privaten Kunden.\",\"breadcrumb\":{\"@id\":\"https:\/\/schreinerei-vaeth.de\/objekteinrichtungen\/unternehmen\/#breadcrumb\"},\"inLanguage\":\"de\",\"potentialAction\":[{\"@type\":\"ReadAction\",\"target\":[\"https:\/\/schreinerei-vaeth.de\/objekteinrichtungen\/unternehmen\/\"]}]},{\"@type\":\"ImageObject\",\"inLanguage\":\"de\",\"@id\":\"https:\/\/schreinerei-vaeth.de\/objekteinrichtungen\/unternehmen\/#primaryimage\",\"url\":\"http:\/\/empathieweb.de\/klavae\/objekteinrichtungen\/wp-content\/uploads\/sites\/5\/2016\/09\/Firmengebaeude_aktuell.png\",\"contentUrl\":\"http:\/\/empathieweb.de\/klavae\/objekteinrichtungen\/wp-content\/uploads\/sites\/5\/2016\/09\/Firmengebaeude_aktuell.png\"},{\"@type\":\"BreadcrumbList\",\"@id\":\"https:\/\/schreinerei-vaeth.de\/objekteinrichtungen\/unternehmen\/#breadcrumb\",\"itemListElement\":[{\"@type\":\"ListItem\",\"position\":1,\"name\":\"Startseite\",\"item\":\"https:\/\/schreinerei-vaeth.de\/objekteinrichtungen\/\"},{\"@type\":\"ListItem\",\"position\":2,\"name\":\"Unternehmen\"}]},{\"@type\":\"WebSite\",\"@id\":\"https:\/\/schreinerei-vaeth.de\/objekteinrichtungen\/#website\",\"url\":\"https:\/\/schreinerei-vaeth.de\/objekteinrichtungen\/\",\"name\":\"Schreinerei V\u00e4th - Objekteinrichtungen\",\"description\":\"\",\"potentialAction\":[{\"@type\":\"SearchAction\",\"target\":{\"@type\":\"EntryPoint\",\"urlTemplate\":\"https:\/\/schreinerei-vaeth.de\/objekteinrichtungen\/?s={search_term_string}\"},\"query-input\":\"required name=search_term_string\"}],\"inLanguage\":\"de\"}]}<\/script>\n<!-- \/ Yoast SEO plugin. -->","yoast_head_json":{"title":"Gebrauchs- und Nutzobjekte aus Holz - Schreinerei V\u00e4th in Esselbach","description":"Wir verarbeiten seit \u00fcber 80 Jahren Holz zu hochwertigen Gebrauchs- und Nutzobjekten f\u00fcr unsere zahlreichen gewerblichen und privaten Kunden.","robots":{"index":"index","follow":"follow","max-snippet":"max-snippet:-1","max-image-preview":"max-image-preview:large","max-video-preview":"max-video-preview:-1"},"canonical":"https:\/\/schreinerei-vaeth.de\/objekteinrichtungen\/unternehmen\/","og_locale":"de_DE","og_type":"article","og_title":"Gebrauchs- und Nutzobjekte aus Holz - Schreinerei V\u00e4th in Esselbach","og_description":"Wir verarbeiten seit \u00fcber 80 Jahren Holz zu hochwertigen Gebrauchs- und Nutzobjekten f\u00fcr unsere zahlreichen gewerblichen und privaten Kunden.","og_url":"https:\/\/schreinerei-vaeth.de\/objekteinrichtungen\/unternehmen\/","og_site_name":"Schreinerei V\u00e4th - Objekteinrichtungen","article_modified_time":"2024-04-18T08:12:38+00:00","og_image":[{"url":"http:\/\/empathieweb.de\/klavae\/objekteinrichtungen\/wp-content\/uploads\/sites\/5\/2016\/09\/Firmengebaeude_aktuell.png"}],"twitter_card":"summary_large_image","twitter_misc":{"Gesch\u00e4tzte Lesezeit":"2\u00a0Minuten"},"schema":{"@context":"https:\/\/schema.org","@graph":[{"@type":"WebPage","@id":"https:\/\/schreinerei-vaeth.de\/objekteinrichtungen\/unternehmen\/","url":"https:\/\/schreinerei-vaeth.de\/objekteinrichtungen\/unternehmen\/","name":"Gebrauchs- und Nutzobjekte aus Holz - Schreinerei V\u00e4th in Esselbach","isPartOf":{"@id":"https:\/\/schreinerei-vaeth.de\/objekteinrichtungen\/#website"},"primaryImageOfPage":{"@id":"https:\/\/schreinerei-vaeth.de\/objekteinrichtungen\/unternehmen\/#primaryimage"},"image":{"@id":"https:\/\/schreinerei-vaeth.de\/objekteinrichtungen\/unternehmen\/#primaryimage"},"thumbnailUrl":"http:\/\/empathieweb.de\/klavae\/objekteinrichtungen\/wp-content\/uploads\/sites\/5\/2016\/09\/Firmengebaeude_aktuell.png","datePublished":"2016-09-17T15:41:17+00:00","dateModified":"2024-04-18T08:12:38+00:00","description":"Wir verarbeiten seit \u00fcber 80 Jahren Holz zu hochwertigen Gebrauchs- und Nutzobjekten f\u00fcr unsere zahlreichen gewerblichen und privaten Kunden.","breadcrumb":{"@id":"https:\/\/schreinerei-vaeth.de\/objekteinrichtungen\/unternehmen\/#breadcrumb"},"inLanguage":"de","potentialAction":[{"@type":"ReadAction","target":["https:\/\/schreinerei-vaeth.de\/objekteinrichtungen\/unternehmen\/"]}]},{"@type":"ImageObject","inLanguage":"de","@id":"https:\/\/schreinerei-vaeth.de\/objekteinrichtungen\/unternehmen\/#primaryimage","url":"http:\/\/empathieweb.de\/klavae\/objekteinrichtungen\/wp-content\/uploads\/sites\/5\/2016\/09\/Firmengebaeude_aktuell.png","contentUrl":"http:\/\/empathieweb.de\/klavae\/objekteinrichtungen\/wp-content\/uploads\/sites\/5\/2016\/09\/Firmengebaeude_aktuell.png"},{"@type":"BreadcrumbList","@id":"https:\/\/schreinerei-vaeth.de\/objekteinrichtungen\/unternehmen\/#breadcrumb","itemListElement":[{"@type":"ListItem","position":1,"name":"Startseite","item":"https:\/\/schreinerei-vaeth.de\/objekteinrichtungen\/"},{"@type":"ListItem","position":2,"name":"Unternehmen"}]},{"@type":"WebSite","@id":"https:\/\/schreinerei-vaeth.de\/objekteinrichtungen\/#website","url":"https:\/\/schreinerei-vaeth.de\/objekteinrichtungen\/","name":"Schreinerei V\u00e4th - Objekteinrichtungen","description":"","potentialAction":[{"@type":"SearchAction","target":{"@type":"EntryPoint","urlTemplate":"https:\/\/schreinerei-vaeth.de\/objekteinrichtungen\/?s={search_term_string}"},"query-input":"required name=search_term_string"}],"inLanguage":"de"}]}},"publishpress_future_action":{"enabled":false,"date":"2026-05-07 16:39:47","action":"change-status","newStatus":"draft","terms":[],"taxonomy":""},"_links":{"self":[{"href":"https:\/\/schreinerei-vaeth.de\/objekteinrichtungen\/wp-json\/wp\/v2\/pages\/344"}],"collection":[{"href":"https:\/\/schreinerei-vaeth.de\/objekteinrichtungen\/wp-json\/wp\/v2\/pages"}],"about":[{"href":"https:\/\/schreinerei-vaeth.de\/objekteinrichtungen\/wp-json\/wp\/v2\/types\/page"}],"author":[{"embeddable":true,"href":"https:\/\/schreinerei-vaeth.de\/objekteinrichtungen\/wp-json\/wp\/v2\/users\/1"}],"replies":[{"embeddable":true,"href":"https:\/\/schreinerei-vaeth.de\/objekteinrichtungen\/wp-json\/wp\/v2\/comments?post=344"}],"version-history":[{"count":6,"href":"https:\/\/schreinerei-vaeth.de\/objekteinrichtungen\/wp-json\/wp\/v2\/pages\/344\/revisions"}],"predecessor-version":[{"id":1759,"href":"https:\/\/schreinerei-vaeth.de\/objekteinrichtungen\/wp-json\/wp\/v2\/pages\/344\/revisions\/1759"}],"wp:attachment":[{"href":"https:\/\/schreinerei-vaeth.de\/objekteinrichtungen\/wp-json\/wp\/v2\/media?parent=344"}],"curies":[{"name":"wp","href":"https:\/\/api.w.org\/{rel}","templated":true}]}}