{"id":2,"date":"2016-02-02T10:06:56","date_gmt":"2016-02-02T09:06:56","guid":{"rendered":"http:\/\/empathieweb.de\/klavae\/objekteinrichtungen\/?page_id=2"},"modified":"2024-04-18T09:41:13","modified_gmt":"2024-04-18T07:41:13","slug":"home-page","status":"publish","type":"page","link":"https:\/\/schreinerei-vaeth.de\/objekteinrichtungen\/","title":{"rendered":"Home Page"},"content":{"rendered":"<div id=\"pl-2\"  class=\"panel-layout\" ><div id=\"pg-2-0\"  class=\"panel-grid panel-no-style\" ><div id=\"pgc-2-0-0\"  class=\"panel-grid-cell\" ><div id=\"panel-2-0-0-0\" class=\"so-panel widget widget_sow-editor panel-first-child panel-last-child\" data-index=\"0\" ><div class=\"animate-69f460607af29613471235 panels-animation-hide panel-widget-style panel-widget-style-for-2-0-0-0\" data-so-animation=\"{&quot;selector&quot;:&quot;.animate-69f460607af29613471235&quot;,&quot;animation&quot;:&quot;fadeInLeft&quot;,&quot;duration&quot;:1,&quot;repeat&quot;:0,&quot;hide&quot;:1,&quot;finalState&quot;:&quot;visible&quot;,&quot;delay&quot;:0,&quot;debounce&quot;:0.1,&quot;event&quot;:&quot;enter&quot;,&quot;offset&quot;:0}\" ><div\n\t\t\t\n\t\t\tclass=\"so-widget-sow-editor so-widget-sow-editor-base\"\n\t\t\t\n\t\t>\n<div class=\"siteorigin-widget-tinymce textwidget\">\n\t<h3 style=\"text-align: center;\">B\u00fcrom\u00f6bel<\/h3>\n<hr style=\"background-color: #618581; border-width: 0; color: #618581; height: 1px; margin-top: -5px;\" \/>\n<p style=\"text-align: left;\"><a href=\"https:\/\/schreinerei-vaeth.de\/objekteinrichtungen\/bueromoebel\/\"><img loading=\"lazy\" decoding=\"async\" class=\"alignnone wp-image-1418 size-full\" src=\"https:\/\/schreinerei-vaeth.de\/objekteinrichtungen\/wp-content\/uploads\/sites\/5\/2017\/03\/bueromoebel_start.png\" alt=\"\" width=\"600\" height=\"400\" srcset=\"https:\/\/schreinerei-vaeth.de\/objekteinrichtungen\/wp-content\/uploads\/sites\/5\/2017\/03\/bueromoebel_start.png 600w, https:\/\/schreinerei-vaeth.de\/objekteinrichtungen\/wp-content\/uploads\/sites\/5\/2017\/03\/bueromoebel_start-300x200.png 300w, https:\/\/schreinerei-vaeth.de\/objekteinrichtungen\/wp-content\/uploads\/sites\/5\/2017\/03\/bueromoebel_start-390x260.png 390w, https:\/\/schreinerei-vaeth.de\/objekteinrichtungen\/wp-content\/uploads\/sites\/5\/2017\/03\/bueromoebel_start-520x347.png 520w, https:\/\/schreinerei-vaeth.de\/objekteinrichtungen\/wp-content\/uploads\/sites\/5\/2017\/03\/bueromoebel_start-570x380.png 570w, https:\/\/schreinerei-vaeth.de\/objekteinrichtungen\/wp-content\/uploads\/sites\/5\/2017\/03\/bueromoebel_start-272x182.png 272w, https:\/\/schreinerei-vaeth.de\/objekteinrichtungen\/wp-content\/uploads\/sites\/5\/2017\/03\/bueromoebel_start-250x167.png 250w\" sizes=\"(max-width: 600px) 100vw, 600px\" \/><\/a><br \/>Mit unseren B\u00fcrokonzepten, individuell auf Ihre Bed\u00fcrfnisse und r\u00e4umliche Gegebenheiten exakt abgestimmt, sorgen wir f\u00fcr... <a href=\"https:\/\/schreinerei-vaeth.de\/objekteinrichtungen\/bueromoebel\/\">weiter lesen<\/a><\/p>\n<\/div>\n<\/div><\/div><\/div><\/div><div id=\"pgc-2-0-1\"  class=\"panel-grid-cell\" ><div id=\"panel-2-0-1-0\" class=\"so-panel widget widget_sow-editor panel-first-child panel-last-child\" data-index=\"1\" ><div class=\"animate-69f460607c44f241234764 panels-animation-hide panel-widget-style panel-widget-style-for-2-0-1-0\" data-so-animation=\"{&quot;selector&quot;:&quot;.animate-69f460607c44f241234764&quot;,&quot;animation&quot;:&quot;fadeInDown&quot;,&quot;duration&quot;:1,&quot;repeat&quot;:0,&quot;hide&quot;:1,&quot;finalState&quot;:&quot;visible&quot;,&quot;delay&quot;:0,&quot;debounce&quot;:0.1,&quot;event&quot;:&quot;enter&quot;,&quot;offset&quot;:0}\" ><div\n\t\t\t\n\t\t\tclass=\"so-widget-sow-editor so-widget-sow-editor-base\"\n\t\t\t\n\t\t>\n<div class=\"siteorigin-widget-tinymce textwidget\">\n\t<h3 style=\"text-align: center;\">Trennwandsysteme<\/h3>\n<hr style=\"background-color: #618581; border-width: 0; color: #618581; height: 1px; margin-top: -5px;\" \/>\n<p style=\"text-align: left;\"><a href=\"https:\/\/schreinerei-vaeth.de\/objekteinrichtungen\/trennwandsysteme\/\"><img loading=\"lazy\" decoding=\"async\" class=\"alignnone wp-image-1419 size-full\" src=\"https:\/\/schreinerei-vaeth.de\/objekteinrichtungen\/wp-content\/uploads\/sites\/5\/2017\/03\/trennwand_start.png\" alt=\"\" width=\"600\" height=\"400\" srcset=\"https:\/\/schreinerei-vaeth.de\/objekteinrichtungen\/wp-content\/uploads\/sites\/5\/2017\/03\/trennwand_start.png 600w, https:\/\/schreinerei-vaeth.de\/objekteinrichtungen\/wp-content\/uploads\/sites\/5\/2017\/03\/trennwand_start-300x200.png 300w, https:\/\/schreinerei-vaeth.de\/objekteinrichtungen\/wp-content\/uploads\/sites\/5\/2017\/03\/trennwand_start-390x260.png 390w, https:\/\/schreinerei-vaeth.de\/objekteinrichtungen\/wp-content\/uploads\/sites\/5\/2017\/03\/trennwand_start-520x347.png 520w, https:\/\/schreinerei-vaeth.de\/objekteinrichtungen\/wp-content\/uploads\/sites\/5\/2017\/03\/trennwand_start-570x380.png 570w, https:\/\/schreinerei-vaeth.de\/objekteinrichtungen\/wp-content\/uploads\/sites\/5\/2017\/03\/trennwand_start-272x182.png 272w, https:\/\/schreinerei-vaeth.de\/objekteinrichtungen\/wp-content\/uploads\/sites\/5\/2017\/03\/trennwand_start-250x167.png 250w\" sizes=\"(max-width: 600px) 100vw, 600px\" \/><\/a><br \/><span class=\"xr_tl xr_kern Normaler_Text\">Unsere modernen Trennwandsysteme zeichnen sich durch Flexibilit\u00e4t, hohe Qualit\u00e4t, <\/span><span class=\"xr_tl xr_kern Normaler_Text\">Wirtschaftlichkeit und..<\/span>. <a href=\"https:\/\/schreinerei-vaeth.de\/objekteinrichtungen\/trennwandsysteme\/\">weiter lesen<\/a><\/p>\n<\/div>\n<\/div><\/div><\/div><\/div><div id=\"pgc-2-0-2\"  class=\"panel-grid-cell\" ><div id=\"panel-2-0-2-0\" class=\"so-panel widget widget_sow-editor panel-first-child panel-last-child\" data-index=\"2\" ><div class=\"animate-69f460607cbbe978670246 panels-animation-hide panel-widget-style panel-widget-style-for-2-0-2-0\" data-so-animation=\"{&quot;selector&quot;:&quot;.animate-69f460607cbbe978670246&quot;,&quot;animation&quot;:&quot;fadeInRight&quot;,&quot;duration&quot;:1,&quot;repeat&quot;:0,&quot;hide&quot;:1,&quot;finalState&quot;:&quot;visible&quot;,&quot;delay&quot;:0,&quot;debounce&quot;:0.1,&quot;event&quot;:&quot;enter&quot;,&quot;offset&quot;:0}\" ><div\n\t\t\t\n\t\t\tclass=\"so-widget-sow-editor so-widget-sow-editor-base\"\n\t\t\t\n\t\t>\n<div class=\"siteorigin-widget-tinymce textwidget\">\n\t<h3 style=\"text-align: center;\">mobile Trennwandsysteme<\/h3>\n<hr style=\"background-color: #618581; border-width: 0; color: #618581; height: 1px; margin-top: -5px;\" \/>\n<p style=\"text-align: left;\"><a href=\"https:\/\/schreinerei-vaeth.de\/objekteinrichtungen\/mobile-trennwaende\/\"><img loading=\"lazy\" decoding=\"async\" class=\"alignnone wp-image-1417 size-full\" src=\"https:\/\/schreinerei-vaeth.de\/objekteinrichtungen\/wp-content\/uploads\/sites\/5\/2017\/03\/trennwand_mobil_start.png\" alt=\"\" width=\"600\" height=\"400\" srcset=\"https:\/\/schreinerei-vaeth.de\/objekteinrichtungen\/wp-content\/uploads\/sites\/5\/2017\/03\/trennwand_mobil_start.png 600w, https:\/\/schreinerei-vaeth.de\/objekteinrichtungen\/wp-content\/uploads\/sites\/5\/2017\/03\/trennwand_mobil_start-300x200.png 300w, https:\/\/schreinerei-vaeth.de\/objekteinrichtungen\/wp-content\/uploads\/sites\/5\/2017\/03\/trennwand_mobil_start-390x260.png 390w, https:\/\/schreinerei-vaeth.de\/objekteinrichtungen\/wp-content\/uploads\/sites\/5\/2017\/03\/trennwand_mobil_start-520x347.png 520w, https:\/\/schreinerei-vaeth.de\/objekteinrichtungen\/wp-content\/uploads\/sites\/5\/2017\/03\/trennwand_mobil_start-570x380.png 570w, https:\/\/schreinerei-vaeth.de\/objekteinrichtungen\/wp-content\/uploads\/sites\/5\/2017\/03\/trennwand_mobil_start-272x182.png 272w, https:\/\/schreinerei-vaeth.de\/objekteinrichtungen\/wp-content\/uploads\/sites\/5\/2017\/03\/trennwand_mobil_start-250x167.png 250w\" sizes=\"(max-width: 600px) 100vw, 600px\" \/><\/a><br \/>Mit unseren mobilen Trennw\u00e4nden haben Sie immer eine praktikable L\u00f6sung, um... <a href=\"https:\/\/schreinerei-vaeth.de\/objekteinrichtungen\/mobile-trennwaende\/\">weiter lesen<\/a><\/p>\n<\/div>\n<\/div><\/div><\/div><\/div><\/div><div id=\"pg-2-1\"  class=\"panel-grid panel-no-style\" ><div id=\"pgc-2-1-0\"  class=\"panel-grid-cell\" ><div id=\"panel-2-1-0-0\" class=\"so-panel widget widget_sow-editor panel-first-child panel-last-child\" data-index=\"3\" ><div class=\"zweispalten panel-widget-style panel-widget-style-for-2-1-0-0\" ><div\n\t\t\t\n\t\t\tclass=\"so-widget-sow-editor so-widget-sow-editor-base\"\n\t\t\t\n\t\t>\n<div class=\"siteorigin-widget-tinymce textwidget\">\n\t<p>Als familiengef\u00fchrte Schreinerei mit Sitz in Esselbach bei Marktheidenfeld verarbeiten wir Holz, Kunststoff und Glas sowohl nach handwerklicher Tradition wie nach modernster Technik. Dabei stellen wir Tag f\u00fcr Tag h\u00f6chste Anspr\u00fcche an die Qualit\u00e4t unserer Produkte und Leistungen.<\/p>\n<p>Mit viel Leidenschaft und Perfektion geh\u00f6ren \u00fcberwiegend gewerbliche Objekte zu unserem T\u00e4tigkeitsfeld und dies im Gro\u00dfraum W\u00fcrzburg, Aschaffenburg und Frankfurt<strong>, <\/strong>sowie im gesamten Spessart<strong><br \/><\/strong><\/p>\n<p>Aber auch zahlreiche private Kunden sch\u00e4tzen unsere individuellen L\u00f6sungen im privaten Innenausbau<strong>.<\/strong><\/p>\n<p><strong><em>Daf\u00fcr garantieren wir mit unserem guten Namen, Ihre Schreinerei V\u00e4th &amp; Team<\/em><\/strong><\/p>\n<p><strong><em>Terminvereinbarung f\u00fcr ein kostenfreies Erstgespr\u00e4ch:<br \/>Tel 09394\/2200, Mail info@schreinerei-vaeth.de\u00a0<br \/>oder \u00fcber unser <a href=\"https:\/\/schreinerei-vaeth.de\/objekteinrichtungen\/kontakt\/\">Kontaktformular<\/a><\/em><\/strong><\/p>\n<\/div>\n<\/div><\/div><\/div><\/div><\/div><div id=\"pg-2-2\"  class=\"panel-grid panel-no-style\" ><div id=\"pgc-2-2-0\"  class=\"panel-grid-cell panel-grid-cell-empty\" ><\/div><div id=\"pgc-2-2-1\"  class=\"panel-grid-cell\" ><div id=\"panel-2-2-1-0\" class=\"so-panel widget widget_sow-editor panel-first-child panel-last-child\" data-index=\"4\" ><div class=\"animate-69f460607d772017690127 panels-animation-hide panel-widget-style panel-widget-style-for-2-2-1-0\" data-so-animation=\"{&quot;selector&quot;:&quot;.animate-69f460607d772017690127&quot;,&quot;animation&quot;:&quot;fadeInLeft&quot;,&quot;duration&quot;:1,&quot;repeat&quot;:0,&quot;hide&quot;:1,&quot;finalState&quot;:&quot;visible&quot;,&quot;delay&quot;:0,&quot;debounce&quot;:0.1,&quot;event&quot;:&quot;enter&quot;,&quot;offset&quot;:0}\" ><div\n\t\t\t\n\t\t\tclass=\"so-widget-sow-editor so-widget-sow-editor-base\"\n\t\t\t\n\t\t>\n<div class=\"siteorigin-widget-tinymce textwidget\">\n\t<h3 style=\"text-align: center;\">Bodenbel\u00e4ge<\/h3>\n<hr style=\"background-color: #618581; border-width: 0; color: #618581; height: 1px; margin-top: -5px;\" \/>\n<p style=\"text-align: left;\"><a href=\"https:\/\/schreinerei-vaeth.de\/objekteinrichtungen\/bodenbelaege\/\"><img loading=\"lazy\" decoding=\"async\" class=\"alignnone wp-image-1461 size-full\" src=\"https:\/\/schreinerei-vaeth.de\/objekteinrichtungen\/wp-content\/uploads\/sites\/5\/2016\/02\/bodenbelaege_startseite.png\" alt=\"\" width=\"600\" height=\"400\" srcset=\"https:\/\/schreinerei-vaeth.de\/objekteinrichtungen\/wp-content\/uploads\/sites\/5\/2016\/02\/bodenbelaege_startseite.png 600w, https:\/\/schreinerei-vaeth.de\/objekteinrichtungen\/wp-content\/uploads\/sites\/5\/2016\/02\/bodenbelaege_startseite-300x200.png 300w, https:\/\/schreinerei-vaeth.de\/objekteinrichtungen\/wp-content\/uploads\/sites\/5\/2016\/02\/bodenbelaege_startseite-390x260.png 390w, https:\/\/schreinerei-vaeth.de\/objekteinrichtungen\/wp-content\/uploads\/sites\/5\/2016\/02\/bodenbelaege_startseite-520x347.png 520w, https:\/\/schreinerei-vaeth.de\/objekteinrichtungen\/wp-content\/uploads\/sites\/5\/2016\/02\/bodenbelaege_startseite-570x380.png 570w, https:\/\/schreinerei-vaeth.de\/objekteinrichtungen\/wp-content\/uploads\/sites\/5\/2016\/02\/bodenbelaege_startseite-272x182.png 272w, https:\/\/schreinerei-vaeth.de\/objekteinrichtungen\/wp-content\/uploads\/sites\/5\/2016\/02\/bodenbelaege_startseite-250x167.png 250w\" sizes=\"(max-width: 600px) 100vw, 600px\" \/><\/a><br \/>Mit einem individuell nach Ihren W\u00fcnschen und Vorstellungen gestalteten Boden kommt Ihr ganz pers\u00f6nlicher... <a href=\"https:\/\/schreinerei-vaeth.de\/objekteinrichtungen\/bodenbelaege\/\">weiter lesen<\/a><\/p>\n<\/div>\n<\/div><\/div><\/div><\/div><div id=\"pgc-2-2-2\"  class=\"panel-grid-cell panel-grid-cell-mobile-last\" ><div id=\"panel-2-2-2-0\" class=\"so-panel widget widget_sow-editor panel-first-child panel-last-child\" data-index=\"5\" ><div class=\"animate-69f460607de25482854301 panels-animation-hide panel-widget-style panel-widget-style-for-2-2-2-0\" data-so-animation=\"{&quot;selector&quot;:&quot;.animate-69f460607de25482854301&quot;,&quot;animation&quot;:&quot;fadeInRight&quot;,&quot;duration&quot;:1,&quot;repeat&quot;:0,&quot;hide&quot;:1,&quot;finalState&quot;:&quot;visible&quot;,&quot;delay&quot;:0,&quot;debounce&quot;:0.1,&quot;event&quot;:&quot;enter&quot;,&quot;offset&quot;:0}\" ><div\n\t\t\t\n\t\t\tclass=\"so-widget-sow-editor so-widget-sow-editor-base\"\n\t\t\t\n\t\t>\n<div class=\"siteorigin-widget-tinymce textwidget\">\n\t<h3 style=\"text-align: center;\">Funktionsm\u00f6bel<\/h3>\n<hr style=\"background-color: #618581; border-width: 0; color: #618581; height: 1px; margin-top: -5px;\" \/>\n<p style=\"text-align: left;\"><a href=\"https:\/\/schreinerei-vaeth.de\/objekteinrichtungen\/funktionsmoebel\/\"><img loading=\"lazy\" decoding=\"async\" class=\"alignnone wp-image-1258 size-full\" src=\"https:\/\/schreinerei-vaeth.de\/objekteinrichtungen\/wp-content\/uploads\/sites\/5\/2016\/09\/DSC_0121.jpeg\" alt=\"\" width=\"904\" height=\"600\" srcset=\"https:\/\/schreinerei-vaeth.de\/objekteinrichtungen\/wp-content\/uploads\/sites\/5\/2016\/09\/DSC_0121.jpeg 904w, https:\/\/schreinerei-vaeth.de\/objekteinrichtungen\/wp-content\/uploads\/sites\/5\/2016\/09\/DSC_0121-300x199.jpeg 300w, https:\/\/schreinerei-vaeth.de\/objekteinrichtungen\/wp-content\/uploads\/sites\/5\/2016\/09\/DSC_0121-768x510.jpeg 768w, https:\/\/schreinerei-vaeth.de\/objekteinrichtungen\/wp-content\/uploads\/sites\/5\/2016\/09\/DSC_0121-600x398.jpeg 600w, https:\/\/schreinerei-vaeth.de\/objekteinrichtungen\/wp-content\/uploads\/sites\/5\/2016\/09\/DSC_0121-390x260.jpeg 390w, https:\/\/schreinerei-vaeth.de\/objekteinrichtungen\/wp-content\/uploads\/sites\/5\/2016\/09\/DSC_0121-520x345.jpeg 520w, https:\/\/schreinerei-vaeth.de\/objekteinrichtungen\/wp-content\/uploads\/sites\/5\/2016\/09\/DSC_0121-740x491.jpeg 740w, https:\/\/schreinerei-vaeth.de\/objekteinrichtungen\/wp-content\/uploads\/sites\/5\/2016\/09\/DSC_0121-573x380.jpeg 573w, https:\/\/schreinerei-vaeth.de\/objekteinrichtungen\/wp-content\/uploads\/sites\/5\/2016\/09\/DSC_0121-272x182.jpeg 272w, https:\/\/schreinerei-vaeth.de\/objekteinrichtungen\/wp-content\/uploads\/sites\/5\/2016\/09\/DSC_0121-250x166.jpeg 250w\" sizes=\"(max-width: 904px) 100vw, 904px\" \/><\/a><br \/>Unsere eleganten und praktischen Funktionsm\u00f6bel vereinen Funktionalit\u00e4t mit Design, \u00c4sthetik und... <a href=\"https:\/\/schreinerei-vaeth.de\/objekteinrichtungen\/funktionsmoebel\/\">weiter lesen<\/a><\/p>\n<\/div>\n<\/div><\/div><\/div><\/div><div id=\"pgc-2-2-3\"  class=\"panel-grid-cell panel-grid-cell-empty\" ><\/div><\/div><\/div>","protected":false},"excerpt":{"rendered":"<p>B\u00fcrom\u00f6bel Mit unseren B\u00fcrokonzepten, individuell auf Ihre Bed\u00fcrfnisse und r\u00e4umliche Gegebenheiten exakt abgestimmt, sorgen wir f\u00fcr&#8230; weiter lesen Trennwandsysteme Unsere modernen Trennwandsysteme zeichnen sich durch Flexibilit\u00e4t, hohe Qualit\u00e4t, Wirtschaftlichkeit und&#8230; weiter lesen mobile Trennwandsysteme Mit<a class=\"read-more\" href=\"https:\/\/schreinerei-vaeth.de\/objekteinrichtungen\/\"><\/a><\/p>\n","protected":false},"author":1,"featured_media":0,"parent":0,"menu_order":0,"comment_status":"closed","ping_status":"closed","template":"page-templates\/page_fullwidth.php","meta":{"footnotes":""},"yoast_head":"<!-- This site is optimized with the Yoast SEO plugin v22.5 - https:\/\/yoast.com\/wordpress\/plugins\/seo\/ -->\n<title>Schreinerei Klaus V\u00e4th in Esselbach, Objekteinrichtungen<\/title>\n<meta name=\"description\" content=\"Als familiengef\u00fchrte Schreinerei mit Sitz in Esselbach verarbeiten wir Holz, Kunststoff und Glas nach handwerklicher Tradition und modernster Technik.\" \/>\n<meta name=\"robots\" content=\"index, follow, max-snippet:-1, max-image-preview:large, max-video-preview:-1\" \/>\n<link rel=\"canonical\" href=\"https:\/\/schreinerei-vaeth.de\/objekteinrichtungen\/\" \/>\n<meta property=\"og:locale\" content=\"de_DE\" \/>\n<meta property=\"og:type\" content=\"article\" \/>\n<meta property=\"og:title\" content=\"Schreinerei Klaus V\u00e4th in Esselbach, Objekteinrichtungen\" \/>\n<meta property=\"og:description\" content=\"Als familiengef\u00fchrte Schreinerei mit Sitz in Esselbach verarbeiten wir Holz, Kunststoff und Glas nach handwerklicher Tradition und modernster Technik.\" \/>\n<meta property=\"og:url\" content=\"https:\/\/schreinerei-vaeth.de\/objekteinrichtungen\/\" \/>\n<meta property=\"og:site_name\" content=\"Schreinerei V\u00e4th - Objekteinrichtungen\" \/>\n<meta property=\"article:modified_time\" content=\"2024-04-18T07:41:13+00:00\" \/>\n<meta property=\"og:image\" content=\"https:\/\/schreinerei-vaeth.de\/objekteinrichtungen\/wp-content\/uploads\/sites\/5\/2017\/03\/bueromoebel_start.png\" \/>\n<meta name=\"twitter:card\" content=\"summary_large_image\" \/>\n<meta name=\"twitter:label1\" content=\"Gesch\u00e4tzte Lesezeit\" \/>\n\t<meta name=\"twitter:data1\" content=\"2\u00a0Minuten\" \/>\n<script type=\"application\/ld+json\" class=\"yoast-schema-graph\">{\"@context\":\"https:\/\/schema.org\",\"@graph\":[{\"@type\":\"WebPage\",\"@id\":\"https:\/\/schreinerei-vaeth.de\/objekteinrichtungen\/\",\"url\":\"https:\/\/schreinerei-vaeth.de\/objekteinrichtungen\/\",\"name\":\"Schreinerei Klaus V\u00e4th in Esselbach, Objekteinrichtungen\",\"isPartOf\":{\"@id\":\"https:\/\/schreinerei-vaeth.de\/objekteinrichtungen\/#website\"},\"primaryImageOfPage\":{\"@id\":\"https:\/\/schreinerei-vaeth.de\/objekteinrichtungen\/#primaryimage\"},\"image\":{\"@id\":\"https:\/\/schreinerei-vaeth.de\/objekteinrichtungen\/#primaryimage\"},\"thumbnailUrl\":\"https:\/\/schreinerei-vaeth.de\/objekteinrichtungen\/wp-content\/uploads\/sites\/5\/2017\/03\/bueromoebel_start.png\",\"datePublished\":\"2016-02-02T09:06:56+00:00\",\"dateModified\":\"2024-04-18T07:41:13+00:00\",\"description\":\"Als familiengef\u00fchrte Schreinerei mit Sitz in Esselbach verarbeiten wir Holz, Kunststoff und Glas nach handwerklicher Tradition und modernster Technik.\",\"breadcrumb\":{\"@id\":\"https:\/\/schreinerei-vaeth.de\/objekteinrichtungen\/#breadcrumb\"},\"inLanguage\":\"de\",\"potentialAction\":[{\"@type\":\"ReadAction\",\"target\":[\"https:\/\/schreinerei-vaeth.de\/objekteinrichtungen\/\"]}]},{\"@type\":\"ImageObject\",\"inLanguage\":\"de\",\"@id\":\"https:\/\/schreinerei-vaeth.de\/objekteinrichtungen\/#primaryimage\",\"url\":\"https:\/\/schreinerei-vaeth.de\/objekteinrichtungen\/wp-content\/uploads\/sites\/5\/2017\/03\/bueromoebel_start.png\",\"contentUrl\":\"https:\/\/schreinerei-vaeth.de\/objekteinrichtungen\/wp-content\/uploads\/sites\/5\/2017\/03\/bueromoebel_start.png\",\"width\":600,\"height\":400},{\"@type\":\"BreadcrumbList\",\"@id\":\"https:\/\/schreinerei-vaeth.de\/objekteinrichtungen\/#breadcrumb\",\"itemListElement\":[{\"@type\":\"ListItem\",\"position\":1,\"name\":\"Startseite\",\"item\":\"https:\/\/schreinerei-vaeth.de\/objekteinrichtungen\/\"},{\"@type\":\"ListItem\",\"position\":2,\"name\":\"Home Page\"}]},{\"@type\":\"WebSite\",\"@id\":\"https:\/\/schreinerei-vaeth.de\/objekteinrichtungen\/#website\",\"url\":\"https:\/\/schreinerei-vaeth.de\/objekteinrichtungen\/\",\"name\":\"Schreinerei V\u00e4th - Objekteinrichtungen\",\"description\":\"\",\"potentialAction\":[{\"@type\":\"SearchAction\",\"target\":{\"@type\":\"EntryPoint\",\"urlTemplate\":\"https:\/\/schreinerei-vaeth.de\/objekteinrichtungen\/?s={search_term_string}\"},\"query-input\":\"required name=search_term_string\"}],\"inLanguage\":\"de\"}]}<\/script>\n<!-- \/ Yoast SEO plugin. -->","yoast_head_json":{"title":"Schreinerei Klaus V\u00e4th in Esselbach, Objekteinrichtungen","description":"Als familiengef\u00fchrte Schreinerei mit Sitz in Esselbach verarbeiten wir Holz, Kunststoff und Glas nach handwerklicher Tradition und modernster Technik.","robots":{"index":"index","follow":"follow","max-snippet":"max-snippet:-1","max-image-preview":"max-image-preview:large","max-video-preview":"max-video-preview:-1"},"canonical":"https:\/\/schreinerei-vaeth.de\/objekteinrichtungen\/","og_locale":"de_DE","og_type":"article","og_title":"Schreinerei Klaus V\u00e4th in Esselbach, Objekteinrichtungen","og_description":"Als familiengef\u00fchrte Schreinerei mit Sitz in Esselbach verarbeiten wir Holz, Kunststoff und Glas nach handwerklicher Tradition und modernster Technik.","og_url":"https:\/\/schreinerei-vaeth.de\/objekteinrichtungen\/","og_site_name":"Schreinerei V\u00e4th - Objekteinrichtungen","article_modified_time":"2024-04-18T07:41:13+00:00","og_image":[{"url":"https:\/\/schreinerei-vaeth.de\/objekteinrichtungen\/wp-content\/uploads\/sites\/5\/2017\/03\/bueromoebel_start.png"}],"twitter_card":"summary_large_image","twitter_misc":{"Gesch\u00e4tzte Lesezeit":"2\u00a0Minuten"},"schema":{"@context":"https:\/\/schema.org","@graph":[{"@type":"WebPage","@id":"https:\/\/schreinerei-vaeth.de\/objekteinrichtungen\/","url":"https:\/\/schreinerei-vaeth.de\/objekteinrichtungen\/","name":"Schreinerei Klaus V\u00e4th in Esselbach, Objekteinrichtungen","isPartOf":{"@id":"https:\/\/schreinerei-vaeth.de\/objekteinrichtungen\/#website"},"primaryImageOfPage":{"@id":"https:\/\/schreinerei-vaeth.de\/objekteinrichtungen\/#primaryimage"},"image":{"@id":"https:\/\/schreinerei-vaeth.de\/objekteinrichtungen\/#primaryimage"},"thumbnailUrl":"https:\/\/schreinerei-vaeth.de\/objekteinrichtungen\/wp-content\/uploads\/sites\/5\/2017\/03\/bueromoebel_start.png","datePublished":"2016-02-02T09:06:56+00:00","dateModified":"2024-04-18T07:41:13+00:00","description":"Als familiengef\u00fchrte Schreinerei mit Sitz in Esselbach verarbeiten wir Holz, Kunststoff und Glas nach handwerklicher Tradition und modernster Technik.","breadcrumb":{"@id":"https:\/\/schreinerei-vaeth.de\/objekteinrichtungen\/#breadcrumb"},"inLanguage":"de","potentialAction":[{"@type":"ReadAction","target":["https:\/\/schreinerei-vaeth.de\/objekteinrichtungen\/"]}]},{"@type":"ImageObject","inLanguage":"de","@id":"https:\/\/schreinerei-vaeth.de\/objekteinrichtungen\/#primaryimage","url":"https:\/\/schreinerei-vaeth.de\/objekteinrichtungen\/wp-content\/uploads\/sites\/5\/2017\/03\/bueromoebel_start.png","contentUrl":"https:\/\/schreinerei-vaeth.de\/objekteinrichtungen\/wp-content\/uploads\/sites\/5\/2017\/03\/bueromoebel_start.png","width":600,"height":400},{"@type":"BreadcrumbList","@id":"https:\/\/schreinerei-vaeth.de\/objekteinrichtungen\/#breadcrumb","itemListElement":[{"@type":"ListItem","position":1,"name":"Startseite","item":"https:\/\/schreinerei-vaeth.de\/objekteinrichtungen\/"},{"@type":"ListItem","position":2,"name":"Home Page"}]},{"@type":"WebSite","@id":"https:\/\/schreinerei-vaeth.de\/objekteinrichtungen\/#website","url":"https:\/\/schreinerei-vaeth.de\/objekteinrichtungen\/","name":"Schreinerei V\u00e4th - Objekteinrichtungen","description":"","potentialAction":[{"@type":"SearchAction","target":{"@type":"EntryPoint","urlTemplate":"https:\/\/schreinerei-vaeth.de\/objekteinrichtungen\/?s={search_term_string}"},"query-input":"required name=search_term_string"}],"inLanguage":"de"}]}},"publishpress_future_action":{"enabled":false,"date":"2026-05-08 10:12:16","action":"change-status","newStatus":"draft","terms":[],"taxonomy":""},"_links":{"self":[{"href":"https:\/\/schreinerei-vaeth.de\/objekteinrichtungen\/wp-json\/wp\/v2\/pages\/2"}],"collection":[{"href":"https:\/\/schreinerei-vaeth.de\/objekteinrichtungen\/wp-json\/wp\/v2\/pages"}],"about":[{"href":"https:\/\/schreinerei-vaeth.de\/objekteinrichtungen\/wp-json\/wp\/v2\/types\/page"}],"author":[{"embeddable":true,"href":"https:\/\/schreinerei-vaeth.de\/objekteinrichtungen\/wp-json\/wp\/v2\/users\/1"}],"replies":[{"embeddable":true,"href":"https:\/\/schreinerei-vaeth.de\/objekteinrichtungen\/wp-json\/wp\/v2\/comments?post=2"}],"version-history":[{"count":17,"href":"https:\/\/schreinerei-vaeth.de\/objekteinrichtungen\/wp-json\/wp\/v2\/pages\/2\/revisions"}],"predecessor-version":[{"id":1756,"href":"https:\/\/schreinerei-vaeth.de\/objekteinrichtungen\/wp-json\/wp\/v2\/pages\/2\/revisions\/1756"}],"wp:attachment":[{"href":"https:\/\/schreinerei-vaeth.de\/objekteinrichtungen\/wp-json\/wp\/v2\/media?parent=2"}],"curies":[{"name":"wp","href":"https:\/\/api.w.org\/{rel}","templated":true}]}}